{"id":2356,"date":"2018-09-17T11:43:02","date_gmt":"2018-09-17T09:43:02","guid":{"rendered":"https:\/\/bienenwiesn.at\/niederoesterreich\/?page_id=2356"},"modified":"2024-03-15T09:56:54","modified_gmt":"2024-03-15T08:56:54","slug":"home","status":"publish","type":"page","link":"https:\/\/bienenwiesn.at\/niederoesterreich\/","title":{"rendered":"BienenWiesen-Home"},"content":{"rendered":"<p>[vc_row][vc_column][vc_single_image image=&#8221;3375&#8243; img_size=&#8221;large&#8221; alignment=&#8221;center&#8221; onclick=&#8221;link_image&#8221; css_animation=&#8221;none&#8221;][vc_btn title=&#8221;Hier bestellen&#8221; color=&#8221;danger&#8221; size=&#8221;lg&#8221; align=&#8221;center&#8221; link=&#8221;url:https%3A%2F%2Fwww.maschinenring.at%2Fniederoesterreich-wien||target:%20_blank|&#8221;][vc_empty_space][\/vc_column][\/vc_row][vc_row][vc_column][vc_column_text css_animation=&#8221;none&#8221;]<\/p>\n<h2 style=\"text-align: center;color: #c02126\"><strong>Wichtiger Hinweis: Dies ist die &#8220;Bienenwies\u00b4n-Projektseite&#8221; f\u00fcr Nieder\u00f6sterreich!<\/strong><\/h2>\n<p>[\/vc_column_text][\/vc_column][\/vc_row][vc_row][vc_column]<div class=\"row \"><div class=\"col-lg-3 col-md-3 col-xs-12 col-sm-6\"><div class=\"feature-item\">\n    <div class=\"shortcode feature-box feature-box-1 text-center  animated\"\n                 animation_type=\"bounceIn\" animation_duration=\"1\" animation_delay=\"0\"\n        >\n                <div class=\"feature-image\" style=\"width:150px; height:150px; border-radius:75px;\">\n                            <img src=\"\/\/bienenwiesn.at\/niederoesterreich\/wp-content\/uploads\/sites\/4\/2018\/09\/Biene-im-Flug.png\" style=\"width:146px; height:146px; border-radius:73px\" \/>\n                    <\/div>\n                <div class=\"feature-content\" style=\"\">\n                        <h4><span>\u00dcBER DAS PROJEKT<\/span><span class=\"line\"><\/span><\/h4>\n                        <p>[vc_column_text]Geht es den Bienen gut, dann geht es auch den Menschen gut.<br \/>\nUnter diesem Motto wurde in den letzten Jahren an dem Bl\u00fchfl\u00e4chenprojekt \u201eBienenwies\u00b4n\u201c gearbeitet, das ab 2019 in Nieder\u00f6sterreich fl\u00e4chendeckend ausgerollt wird.[\/vc_column_text]<\/p>\n        <\/div>\n                <style type=\"text\/css\">\n                                                                            .feature-box-1 .feature-image {\n                                        border-color: #5e5e5e;                                    }\n                                                                                <\/style>\n            <\/div>\n<\/div>\n    <\/div><div class=\"col-lg-3 col-md-3 col-xs-12 col-sm-6\"><div class=\"feature-item\">\n    <div class=\"shortcode feature-box feature-box-2 text-center  animated\"\n                 animation_type=\"bounceIn\" animation_duration=\"1\" animation_delay=\"0\"\n        >\n                <div class=\"feature-image\" style=\"width:150px; height:150px; border-radius:75px;\">\n                            <img src=\"\/\/bienenwiesn.at\/niederoesterreich\/wp-content\/uploads\/sites\/4\/2018\/09\/verantwortung.png\" style=\"width:146px; height:146px; border-radius:73px\" \/>\n                    <\/div>\n                <div class=\"feature-content\" style=\"\">\n                        <h4><span>VERANTWORTUNG<\/span><span class=\"line\"><\/span><\/h4>\n                        <p>[vc_column_text]Verantwortung \u00fcbernehmen und sich daran beteiligen! Die Initiative soll das notwendige Bewusstsein schaffen: Mit relativ geringem finanziellen und organisatorischen Aufwand kann Jeder seinen Bl\u00fchstreifen anlegen.[\/vc_column_text]<\/p>\n        <\/div>\n                <style type=\"text\/css\">\n                                                                            .feature-box-2 .feature-image {\n                                        border-color: #5e5e5e;                                    }\n                                                                                <\/style>\n            <\/div>\n<\/div>\n    <\/div><div class=\"col-lg-3 col-md-3 col-xs-12 col-sm-6\"><div class=\"feature-item\">\n    <div class=\"shortcode feature-box feature-box-3 text-center  animated\"\n                 animation_type=\"bounceIn\" animation_duration=\"1\" animation_delay=\"0\"\n        >\n                <div class=\"feature-image\" style=\"width:150px; height:150px; border-radius:75px;\">\n                            <img src=\"\/\/bienenwiesn.at\/niederoesterreich\/wp-content\/uploads\/sites\/4\/2018\/09\/IchmachMit-e1536919505669.jpg\" style=\"width:146px; height:146px; border-radius:73px\" \/>\n                    <\/div>\n                <div class=\"feature-content\" style=\"\">\n                        <h4><span>ICH MACH MIT<\/span><span class=\"line\"><\/span><\/h4>\n                        <p>[vc_column_text]Egal ob Gemeinde, Firma, Landwirt oder Privathaushalt. Machen Sie einen Teil Ihrer Gr\u00fcnfl\u00e4che zur Bienenwies\u00b4n. Es sieht nicht nur sch\u00f6n aus, sondern ist f\u00fcr Bienen und alle Bl\u00fcten best\u00e4ubenden Insekten von gro\u00dfer Wichtigkeit.[\/vc_column_text]<\/p>\n        <\/div>\n                <style type=\"text\/css\">\n                                                                            .feature-box-3 .feature-image {\n                                        border-color: #5e5e5e;                                    }\n                                                                                <\/style>\n            <\/div>\n<\/div>\n    <\/div><div class=\"col-lg-3 col-md-3 col-xs-12 col-sm-6\"><div class=\"feature-item\">\n    <div class=\"shortcode feature-box feature-box-4 text-center  animated\"\n                 animation_type=\"bounceIn\" animation_duration=\"1\" animation_delay=\"0\"\n        >\n                <div class=\"feature-image\" style=\"width:150px; height:150px; border-radius:75px;\">\n                            <img src=\"\/\/bienenwiesn.at\/niederoesterreich\/wp-content\/uploads\/sites\/4\/2019\/12\/DSC_0148.jpg\" style=\"width:146px; height:146px; border-radius:73px\" \/>\n                    <\/div>\n                <div class=\"feature-content\" style=\"\">\n                        <h4><span>WER PROFITIERT?<\/span><span class=\"line\"><\/span><\/h4>\n                        <p>[vc_column_text]Bienen und andere Insekten, denn Ihre Blumenwiese bildet einen wichtigen Futterplatz f\u00fcr Insekten und unterst\u00fctzt diese bei ihrem Nestbau. Au\u00dferdem nat\u00fcrlich: Sie! Denn durch eine Extensivierung der Pflege gegen\u00fcber Gebrauchsrasen sparen Sie Zeit und Geld.[\/vc_column_text]<\/p>\n        <\/div>\n                <style type=\"text\/css\">\n                                                                            .feature-box-4 .feature-image {\n                                        border-color: #5e5e5e;                                    }\n                                                                                <\/style>\n            <\/div>\n<\/div>\n    <\/div><\/div>[\/vc_column][\/vc_row][vc_row][vc_column el_id=&#8221;projekt&#8221;]<div class=\"row \"><div class=\"col-lg- col-md-12 col-xs-12 col-sm-12\">    <div class=\"shortcode shortcode-title text-left line  \"\n        >\n                \n                <h2 style=\"\">\u00dcber das Projekt<\/h2>\n                \n                \n                \n            <\/div>\n    [vc_column_text]Geht es den Bienen gut, dann geht es auch den Menschen gut. Unter diesem Motto wurde in den letzten Jahren an dem <strong>Bl\u00fchfl\u00e4chenprojekt \u201eBienenwies\u2018n\u201c<\/strong> gearbeitet, das seit 2019 in <strong>Nieder\u00f6sterreich und Wien<\/strong> fl\u00e4chendeckend umgesetzt wird. Jeder kann Verantwortung \u00fcbernehmen, sich daran beteiligen und Lebensraum schaffen. Das Sch\u00f6ne dabei: Nieder\u00f6sterreich und Wien werden dadurch noch bunter und lebenswerter. Es geht dabei um ein Thema, das mittlerweile jedem bekannt sein d\u00fcrfte: <strong>F\u00fcr Bl\u00fcten best\u00e4ubende Insekten und im Speziellen f\u00fcr Bienen gibt es im Sommer immer weniger Nahrung.<\/strong> Eine gute und ausreichende Versorgung im Hochsommer ist f\u00fcr die Entwicklung des Bienennachwuchses im Winter besonders wichtig.<\/p>\n<p><strong>Das \u00dcberleben des Bienenstockes h\u00e4ngt von der Vitalit\u00e4t der Winterbienen ab. <\/strong>Ziel der Aktion ist die fl\u00e4chendeckende Anlage von wichtigen Bl\u00fchfl\u00e4chen in Nieder\u00f6sterreich und Wien, um verst\u00e4rkt Nahrungsinseln und Lebensr\u00e4ume f\u00fcr alle Bienen und Bl\u00fcten best\u00e4ubenden Insekten im Hoch- und Sp\u00e4tsommer zu schaffen.[\/vc_column_text]<\/div><\/div>[\/vc_column][\/vc_row][vc_row][vc_column el_id=&#8221;verantwortung&#8221;]    <div class=\"shortcode shortcode-bg shortcode-bg-1  \"\n                 style=\"padding:60px 60px 60px 60px;\">\n                <div class=\"bg-image sw-parallax\" data-velocity=\"0.5\" style=\"background-image:url(\/\/bienenwiesn.at\/niederoesterreich\/wp-content\/uploads\/sites\/4\/2018\/09\/Bienen_mit_Brut_2.jpg ); \"><\/div>\n                <div class=\"bg-content\">\n                <\/div>\n            <\/div>\n    [\/vc_column][\/vc_row][vc_row][vc_column]<div class=\"row \"><div class=\"col-lg- col-md-12 col-xs-12 col-sm-12\">    <div class=\"shortcode shortcode-title text-left line  \"\n        >\n                \n                <h2 style=\"\">Verantwortung<\/h2>\n                \n                \n                \n            <\/div>\n    [vc_column_text]Das Thema Verantwortung spielt bei diesem Projekt eine sehr gro\u00dfe Rolle. Verantwortung, die wir alle haben. Der Projektbetreiber Maschinenring N\u00d6-Wien will daf\u00fcr seine Partner aus der Landwirtschaft, der Wirtschaft und den \u00f6ffentlichen Institutionen einladen, aktiv mitzumachen.<br \/>\nAuch Privathaushalte k\u00f6nnen ihren Beitrag leisten und einen Teil ihrer Gr\u00fcnfl\u00e4che zur \u201eBienenwies\u2018n\u201c machen. Nur so besteht die Chance, eine sinnvolle und fl\u00e4chendeckende Umsetzung zu schaffen.[\/vc_column_text][vc_column_text]<\/p>\n<h3>Verantwortung hei\u00dft auch Pflege<\/h3>\n<p>Die Anlage eines Bl\u00fchstreifens ist erst der Anfang. Eine Bienenwies\u2018n anzulegen bedeutet auch Verantwortung f\u00fcr die Zukunft zu \u00fcbernehmen und diese regelm\u00e4\u00dfig zu pflegen. Um den geschaffenen Lebensraum langfristig zu erhalten, sollten die korrekte Anzahl und Art der M\u00e4hdurchg\u00e4nge genau eingehalten werden.[\/vc_column_text][vc_column_text]<\/p>\n<h3>Bl\u00fctenpracht, wann sie gebraucht wird<\/h3>\n<p>Ihre Bienenwies\u2018n wird nicht 365 Tage lang im Jahr bunt sein. Abh\u00e4ngig von den Witterungsverh\u00e4ltnissen und der Bodenbeschaffenheit variiert die Zeit der Bl\u00fcte. Dabei ist wichtig, dass die Insekten zu der Zeit ihr Futter bekommen, zu der sie es dringend ben\u00f6tigen. Doch das ist eigentlich das Nat\u00fcrlichste der Welt.[\/vc_column_text][vc_column_text]<\/p>\n<h3>Zeigen Sie ihr Verantwortungsgef\u00fchl<\/h3>\n<p>Mit der Anlage einer Bienenwies\u2018n tragen Sie nicht nur aktiv zum Erhalt von Bienen und Bl\u00fcten best\u00e4ubenden Insekten bei, sondern erh\u00f6hen auch die Biodiversit\u00e4t von Flora und Fauna.[\/vc_column_text][vc_column_text]<\/p>\n<h3>Das Saatgut<\/h3>\n<p>Viele Bl\u00fchmischungen enthalten Blumen, die f\u00fcr Insekten leider wertlos sind. Unsere Bl\u00fchmischungen sind artenreiche, reichbl\u00fchende Feldblumenmischungen aus einj\u00e4hrigen bzw. mehrj\u00e4hrigen, regionalen Feldblumen. Alle Blumen dieser Mischung stammen urspr\u00fcnglich aus heimischen Wildsammlungen und werden nach den Vorgaben des Gumpensteiner Herkunftszertifikates (www.gzert.at) vermehrt.<br \/>\nAlso 100 % Saatgut aus \u00d6sterreich! www.saatbau.at[\/vc_column_text]<\/div><\/div>[\/vc_column][\/vc_row][vc_row el_id=&#8221;ichmachmit&#8221;][vc_column]    <div class=\"shortcode shortcode-bg shortcode-bg-2  \"\n                 style=\"padding:60px 60px 60px 60px;\">\n                <div class=\"bg-image sw-parallax\" data-velocity=\"0.5\" style=\"background-image:url(\/\/bienenwiesn.at\/niederoesterreich\/wp-content\/uploads\/sites\/4\/2018\/09\/4583834266_2a9ab69b24_b.jpg ); \"><\/div>\n                <div class=\"bg-content\">\n                <\/div>\n            <\/div>\n    [\/vc_column][\/vc_row][vc_row][vc_column]<div class=\"row \"><div class=\"col-lg- col-md-12 col-xs-12 col-sm-12\">    <div class=\"shortcode shortcode-title text-left line  \"\n        >\n                \n                <h2 style=\"\">Ich mach mit<\/h2>\n                \n                \n                \n            <\/div>\n    [vc_column_text]Egal ob Gemeinde, Firma, Landwirt oder Privathaushalt. Machen Sie einen Teil Ihrer Gr\u00fcnfl\u00e4che zur Bienenwies\u00b4n.[\/vc_column_text][vc_column_text]<\/p>\n<h3>Und so einfach funktioniert es<\/h3>\n<p><strong>PAKETPREIS F\u00dcR ANLAGE<\/strong><br \/>\nDie Durchf\u00fchrung der Ansaat der Bl\u00fchfl\u00e4chen kann der Maschinenring f\u00fcr Sie \u00fcbernehmen. Damit wird eine fachgerechte und sinnvolle Umsetzung garantiert. Es werden Paketpreise, die die Planung, das Saatgut und die Durchf\u00fchrung beinhalten, geschn\u00fcrt.[\/vc_column_text][vc_column_text]<\/p>\n<p style=\"text-align: left\"><strong>Als Richtwert k\u00f6nnen folgende Preise genannt werden:<\/strong><\/p>\n<p style=\"text-align: left\"><strong>Fl\u00e4chen ab 50 m\u00b2: <\/strong>\u20ac 4,90 pro m\u00b2, exkl. An- und Abfahrtspauschale.<br \/>\nIndividuelle Angebote f\u00fcr Klein- und Gro\u00dffl\u00e4chen sind<br \/>\nm\u00f6glich!<\/p>\n<p style=\"text-align: left\">Der oben genannte Paketpreis beinhaltet die Bodenbearbeitung, die Saatbettvorbereitung sowie die Einsaat (inkl. Saatgut)!<br \/>\nPreis in Euro, inkl. MwSt.<\/p>\n<p style=\"text-align: left\">Eine Zufahrtsm\u00f6glichkeit f\u00fcr die Bodenfr\u00e4se von mind. 150 cm Breite muss gew\u00e4hrleistet sein. Mindestbreite der Bienenwies\u2018n: 150 cm. Diese Preise gelten bei m\u00f6glichst ebenem Gel\u00e4nde. Die Fl\u00e4chen m\u00fcssen vorab vom Auftraggeber gem\u00e4ht werden und vom M\u00e4hgut befreit sein.<br \/>\nBei Gro\u00dffl\u00e4chen sowie im Agrarbereich werden aufgrund der Anbaum\u00f6glichkeiten eigene Pakete angeboten.<br \/>\nHier bitte mit dem Maschinenring vor Ort Kontakt aufnehmen.<\/p>\n<p>Jeder, der bei der Aktion teilnimmt, erh\u00e4lt die offizielle &#8220;Bienenwies&#8217;n-Plakette&#8221;![\/vc_column_text]<\/div><\/div>[\/vc_column][\/vc_row][vc_row el_id=&#8221;kontakt&#8221;][vc_column el_id=&#8221;kontakt&#8221;]    <div class=\"shortcode shortcode-bg shortcode-bg-3  \"\n                 style=\"padding:60px 60px 60px 60px;\">\n                <div class=\"bg-image sw-parallax\" data-velocity=\"0.5\" style=\"background-image:url(\/\/bienenwiesn.at\/niederoesterreich\/wp-content\/uploads\/sites\/4\/2018\/09\/bee-1806196_960_720.jpg ); \"><\/div>\n                <div class=\"bg-content\">\n                <\/div>\n            <\/div>\n    [\/vc_column][\/vc_row][vc_row][vc_column]<div class=\"row \"><div class=\"col-lg- col-md-12 col-xs-12 col-sm-12\">    <div class=\"shortcode shortcode-title text-left line  \"\n        >\n                \n                <h2 style=\"\">Kontaktdaten<\/h2>\n                \n                \n                \n            <\/div>\n    [vc_column_text]<span style=\"font-size: 16px\">Maschinenring-Service N\u00d6-Wien &#8220;MR-Service&#8221; eGen<\/span><\/p>\n<div class=\"field field-name-field-address-ring field-type-addressfield field-label-hidden\">\n<div class=\"field-items\">\n<div class=\"field-item even\">\n<div class=\"street-block\">\n<div class=\"thoroughfare\">Mold 72<\/div>\n<\/div>\n<div class=\"addressfield-container-inline locality-block country-AT\"><span class=\"postal-code\">3580<\/span>\u00a0<span class=\"locality\">Horn<\/span><\/div>\n<div><\/div>\n<div class=\"addressfield-container-inline locality-block country-AT\">Kundenb\u00fcro St. P\u00f6lten:<\/div>\n<\/div>\n<\/div>\n<\/div>\n<div class=\"field field-name-field-address-ring field-type-addressfield field-label-hidden\">\n<div class=\"field-items\">\n<div class=\"field-item even\">\n<div class=\"addressfield-container-inline name-block\">\n<div class=\"name-block\">Hypogasse 1<\/div>\n<\/div>\n<div class=\"addressfield-container-inline locality-block country-AT\"><span class=\"postal-code\">3100<\/span>\u00a0<span class=\"locality\">St. P\u00f6lten<\/span><\/div>\n<\/div>\n<\/div>\n<\/div>\n<div class=\"field field-name-field-txt-phone field-type-text field-label-inline clearfix\"><span class=\"field-label\">Tel: <\/span>+43 59060 300<\/div>\n<div class=\"field field-name-field-txt-fax field-type-text field-label-inline clearfix\"><span class=\"field-label\">Fax: <\/span>+43 59060 3900<\/div>\n<div class=\"field field-name-field-email-single field-type-email field-label-hidden\">\n<div class=\"field-items\">\n<div class=\"field-item even\"><a href=\"mailto:service.noe@maschinenring.at\">service.noe@maschinenring.at<\/a><\/div>\n<\/div>\n<\/div>\n<p>[\/vc_column_text]<\/div><\/div>[\/vc_column][\/vc_row][vc_row][vc_column el_id=&#8221;initiatoren&#8221;]    <div class=\"shortcode shortcode-bg shortcode-bg-4  \"\n                 style=\"padding:60px 60px 60px 60px;\">\n                <div class=\"bg-image sw-parallax\" data-velocity=\"0.5\" style=\"background-image:url(\/\/bienenwiesn.at\/niederoesterreich\/wp-content\/uploads\/sites\/4\/2018\/09\/biene-blume-e1537274707346.jpg ); \"><\/div>\n                <div class=\"bg-content\">\n                <\/div>\n            <\/div>\n    [\/vc_column][\/vc_row][vc_row][vc_column][vc_column_text]<\/p>\n<h2>Bienenwies&#8217;n-Fibel&#8230;alles \u00fcber Anlage und Pflege!<\/h2>\n<p><a href=\"https:\/\/bienenwiesn.at\/niederoesterreich\/wp-content\/uploads\/sites\/4\/2019\/12\/20190912_BienenwiesnAnsaatanleitungEinfachfalzA6.pdf\">20190912_BienenwiesnAnsaatanleitungEinfachfalzA6<\/a>[\/vc_column_text][vc_separator][\/vc_column][\/vc_row][vc_row][vc_column][vc_column_text]<\/p>\n<h2>Der aktuelle Bienenwies\u00b4n-Folder zum Downloaden.<\/h2>\n<p>Hier finden Sie nochmal alle Infos, zum Ausdrucken und Weiterzeigen.<\/p>\n<p><a href=\"https:\/\/bienenwiesn.at\/niederoesterreich\/wp-content\/uploads\/sites\/4\/2019\/12\/20190912_BienenwiesnFolderWickelfalz.pdf\">20190912_BienenwiesnFolderWickelfalz<\/a>[\/vc_column_text][vc_column_text]<\/p>\n<h2>Wir f\u00fcr Bienen.<\/h2>\n<p><img loading=\"lazy\" class=\"wp-image-3361 alignleft\" src=\"https:\/\/bienenwiesn.at\/niederoesterreich\/wp-content\/uploads\/sites\/4\/2019\/12\/logo_bienen-417x450.jpg\" alt=\"\" width=\"83\" height=\"105\" \/><\/p>\n<p>Mit der Kampagne \u201e<a href=\"https:\/\/www.wir-fuer-bienen.at\/bienenwiese-anlegen-mr\">Wir f\u00fcr Bienen<\/a>\u201c des Landes Nieder\u00f6sterreich wird der Fokus auf die Biodiversit\u00e4t in unserem Bundesland gelegt. Nieder\u00f6sterreich ist mit seinen W\u00e4ldern, Fl\u00fcssen und Wiesen das Naturland Nummer eins.<\/p>\n<p>\u201eWir f\u00fcr Bienen\u201c m\u00f6chte die gesamte Bev\u00f6lkerung aufrufen, ihren Teil zur biologischen Vielfalt beizutragen und den Bienen und Insekten Heimat zu geben. Mit einer Wildblumenwiese anstelle des englischen Rasens oder einem Bienenplatzerl am Balkon ist das leicht umsetzbar.<\/p>\n<p>Der Maschinenring Nieder\u00f6sterreich-Wien ist Partner von &#8220;Wir f\u00fcr Bienen&#8221;.[\/vc_column_text][vc_separator][\/vc_column][\/vc_row][vc_row][vc_column][vc_separator][\/vc_column][\/vc_row]<\/p>\n","protected":false},"excerpt":{"rendered":"<p>[vc_row][vc_column][vc_single_image image=&#8221;3375&#8243; img_size=&#8221;large&#8221; alignment=&#8221;center&#8221; onclick=&#8221;link_image&#8221; css_animation=&#8221;none&#8221;][vc_btn title=&#8221;Hier bestellen&#8221; color=&#8221;danger&#8221; size=&#8221;lg&#8221; align=&#8221;center&#8221; link=&#8221;url:https%3A%2F%2Fwww.maschinenring.at%2Fniederoesterreich-wien||target:%20_blank|&#8221;][vc_empty_space][\/vc_column][\/vc_row][vc_row][vc_column][vc_column_text css_animation=&#8221;none&#8221;] Wichtiger Hinweis: Dies ist die &#8220;Bienenwies\u00b4n-Projektseite&#8221; f\u00fcr Nieder\u00f6sterreich! [\/vc_column_text][\/vc_column][\/vc_row][vc_row][vc_column][\/vc_column][\/vc_row][vc_row][vc_column el_id=&#8221;projekt&#8221;][\/vc_column][\/vc_row][vc_row][vc_column el_id=&#8221;verantwortung&#8221;][\/vc_column][\/vc_row][vc_row][vc_column][\/vc_column][\/vc_row][vc_row el_id=&#8221;ichmachmit&#8221;][vc_column][\/vc_column][\/vc_row][vc_row][vc_column][\/vc_column][\/vc_row][vc_row el_id=&#8221;kontakt&#8221;][vc_column el_id=&#8221;kontakt&#8221;][\/vc_column][\/vc_row][vc_row][vc_column][\/vc_column][\/vc_row][vc_row][vc_column el_id=&#8221;initiatoren&#8221;][\/vc_column][\/vc_row][vc_row][vc_column][vc_column_text] Bienenwies&#8217;n-Fibel&#8230;alles \u00fcber Anlage und Pflege! 20190912_BienenwiesnAnsaatanleitungEinfachfalzA6[\/vc_column_text][vc_separator][\/vc_column][\/vc_row][vc_row][vc_column][vc_column_text] Der aktuelle Bienenwies\u00b4n-Folder zum Downloaden. Hier finden Sie nochmal alle Infos, zum Ausdrucken und Weiterzeigen. 20190912_BienenwiesnFolderWickelfalz[\/vc_column_text][vc_column_text] Wir f\u00fcr Bienen. Mit der [&hellip;]<\/p>\n","protected":false},"author":1,"featured_media":0,"parent":0,"menu_order":0,"comment_status":"open","ping_status":"closed","template":"","meta":[],"_links":{"self":[{"href":"https:\/\/bienenwiesn.at\/niederoesterreich\/wp-json\/wp\/v2\/pages\/2356"}],"collection":[{"href":"https:\/\/bienenwiesn.at\/niederoesterreich\/wp-json\/wp\/v2\/pages"}],"about":[{"href":"https:\/\/bienenwiesn.at\/niederoesterreich\/wp-json\/wp\/v2\/types\/page"}],"author":[{"embeddable":true,"href":"https:\/\/bienenwiesn.at\/niederoesterreich\/wp-json\/wp\/v2\/users\/1"}],"replies":[{"embeddable":true,"href":"https:\/\/bienenwiesn.at\/niederoesterreich\/wp-json\/wp\/v2\/comments?post=2356"}],"version-history":[{"count":11,"href":"https:\/\/bienenwiesn.at\/niederoesterreich\/wp-json\/wp\/v2\/pages\/2356\/revisions"}],"predecessor-version":[{"id":3421,"href":"https:\/\/bienenwiesn.at\/niederoesterreich\/wp-json\/wp\/v2\/pages\/2356\/revisions\/3421"}],"wp:attachment":[{"href":"https:\/\/bienenwiesn.at\/niederoesterreich\/wp-json\/wp\/v2\/media?parent=2356"}],"curies":[{"name":"wp","href":"https:\/\/api.w.org\/{rel}","templated":true}]}}